{"version":"1.0","provider_name":"Bellunopress - Dolomiti","provider_url":"https:\/\/www.bellunopress.it\/fr","author_name":"redazione","author_url":"https:\/\/www.bellunopress.it\/fr\/author\/redazione\/","title":"L'acqua bellunese - Bellunopress - Dolomiti","type":"rich","width":600,"height":338,"html":"<blockquote class=\"wp-embedded-content\" data-secret=\"cjwT9fRLzK\"><a href=\"https:\/\/www.bellunopress.it\/fr\/2026\/09\/02\/173065\/\">L&#8217;acqua bellunese<\/a><\/blockquote><iframe sandbox=\"allow-scripts\" security=\"restricted\" src=\"https:\/\/www.bellunopress.it\/fr\/2026\/09\/02\/173065\/embed\/#?secret=cjwT9fRLzK\" width=\"600\" height=\"338\" title=\"\u00ab\u00a0L&#8217;acqua bellunese\u00a0\u00bb &#8212; Bellunopress - Dolomiti\" data-secret=\"cjwT9fRLzK\" frameborder=\"0\" marginwidth=\"0\" marginheight=\"0\" scrolling=\"no\" class=\"wp-embedded-content\"><\/iframe><script>\n\/*! This file is auto-generated *\/\n!function(d,l){\"use strict\";l.querySelector&&d.addEventListener&&\"undefined\"!=typeof URL&&(d.wp=d.wp||{},d.wp.receiveEmbedMessage||(d.wp.receiveEmbedMessage=function(e){var t=e.data;if((t||t.secret||t.message||t.value)&&!\/[^a-zA-Z0-9]\/.test(t.secret)){for(var s,r,n,a=l.querySelectorAll('iframe[data-secret=\"'+t.secret+'\"]'),o=l.querySelectorAll('blockquote[data-secret=\"'+t.secret+'\"]'),c=new RegExp(\"^https?:$\",\"i\"),i=0;i<o.length;i++)o[i].style.display=\"none\";for(i=0;i<a.length;i++)s=a[i],e.source===s.contentWindow&&(s.removeAttribute(\"style\"),\"height\"===t.message?(1e3<(r=parseInt(t.value,10))?r=1e3:~~r<200&&(r=200),s.height=r):\"link\"===t.message&&(r=new URL(s.getAttribute(\"src\")),n=new URL(t.value),c.test(n.protocol))&&n.host===r.host&&l.activeElement===s&&(d.top.location.href=t.value))}},d.addEventListener(\"message\",d.wp.receiveEmbedMessage,!1),l.addEventListener(\"DOMContentLoaded\",function(){for(var e,t,s=l.querySelectorAll(\"iframe.wp-embedded-content\"),r=0;r<s.length;r++)(t=(e=s[r]).getAttribute(\"data-secret\"))||(t=Math.random().toString(36).substring(2,12),e.src+=\"#?secret=\"+t,e.setAttribute(\"data-secret\",t)),e.contentWindow.postMessage({message:\"ready\",secret:t},\"*\")},!1)))}(window,document);\n\/\/# sourceURL=https:\/\/www.bellunopress.it\/wp-includes\/js\/wp-embed.min.js\n<\/script>","thumbnail_url":"https:\/\/www.bellunopress.it\/wp-content\/uploads\/2020\/03\/lettere-al-direttore-bellunopress.jpg","thumbnail_width":677,"thumbnail_height":454,"description":"L\u2019iniziativa del centrosinistra bellunese di raccolta firme per una proposta di iniziativa popolare per la gestione diretta dell\u2019acqua contiene delle evidenti positivit\u00e0, ma racchiude, al contempo, alcune criticit\u00e0 che rischiano di svilirne il progetto alle basi. Soprattutto perch\u00e9 sembra dimenticarsi del ruolo che l\u2019acqua ha avuto nello spazio e nel tempo nell\u2019evoluzione di questo territorio [&hellip;]"}