{"version":"1.0","provider_name":"Bellunopress - Dolomiti","provider_url":"https:\/\/www.bellunopress.it\/fr","author_name":"redazione","author_url":"https:\/\/www.bellunopress.it\/fr\/author\/redazione\/","title":"Ferragosto in Citt\u00e0 per il sindaco Antonio Prade - Bellunopress - Dolomiti","type":"rich","width":600,"height":338,"html":"<blockquote class=\"wp-embedded-content\" data-secret=\"B64bx12wVh\"><a href=\"https:\/\/www.bellunopress.it\/fr\/2009\/08\/14\/ferragosto-in-citta-per-il-sindaco-antonio-prade\/\">Ferragosto in Citt\u00e0 per il sindaco Antonio Prade<\/a><\/blockquote><iframe sandbox=\"allow-scripts\" security=\"restricted\" src=\"https:\/\/www.bellunopress.it\/fr\/2009\/08\/14\/ferragosto-in-citta-per-il-sindaco-antonio-prade\/embed\/#?secret=B64bx12wVh\" width=\"600\" height=\"338\" title=\"\u00ab\u00a0Ferragosto in Citt\u00e0 per il sindaco Antonio Prade\u00a0\u00bb &#8212; Bellunopress - Dolomiti\" data-secret=\"B64bx12wVh\" frameborder=\"0\" marginwidth=\"0\" marginheight=\"0\" scrolling=\"no\" class=\"wp-embedded-content\"><\/iframe><script>\n\/*! This file is auto-generated *\/\n!function(d,l){\"use strict\";l.querySelector&&d.addEventListener&&\"undefined\"!=typeof URL&&(d.wp=d.wp||{},d.wp.receiveEmbedMessage||(d.wp.receiveEmbedMessage=function(e){var t=e.data;if((t||t.secret||t.message||t.value)&&!\/[^a-zA-Z0-9]\/.test(t.secret)){for(var s,r,n,a=l.querySelectorAll('iframe[data-secret=\"'+t.secret+'\"]'),o=l.querySelectorAll('blockquote[data-secret=\"'+t.secret+'\"]'),c=new RegExp(\"^https?:$\",\"i\"),i=0;i<o.length;i++)o[i].style.display=\"none\";for(i=0;i<a.length;i++)s=a[i],e.source===s.contentWindow&&(s.removeAttribute(\"style\"),\"height\"===t.message?(1e3<(r=parseInt(t.value,10))?r=1e3:~~r<200&&(r=200),s.height=r):\"link\"===t.message&&(r=new URL(s.getAttribute(\"src\")),n=new URL(t.value),c.test(n.protocol))&&n.host===r.host&&l.activeElement===s&&(d.top.location.href=t.value))}},d.addEventListener(\"message\",d.wp.receiveEmbedMessage,!1),l.addEventListener(\"DOMContentLoaded\",function(){for(var e,t,s=l.querySelectorAll(\"iframe.wp-embedded-content\"),r=0;r<s.length;r++)(t=(e=s[r]).getAttribute(\"data-secret\"))||(t=Math.random().toString(36).substring(2,12),e.src+=\"#?secret=\"+t,e.setAttribute(\"data-secret\",t)),e.contentWindow.postMessage({message:\"ready\",secret:t},\"*\")},!1)))}(window,document);\n\/\/# sourceURL=https:\/\/www.bellunopress.it\/wp-includes\/js\/wp-embed.min.js\n<\/script>","description":"Anche quest&#8217;anno il sindaco di Belluno, Antonio Prade trascorrer\u00e0 il Ferragosto in Citt\u00e0 con due appuntamenti che sono oramai tradizionali. Alle ore 10.00 presenzier\u00e0 alla Santa Messa presso la Casa di Riposo e poi sar\u00e0 a pranzo dal vescovo monsignor Maffeo Ducoli, presso il santuario del Neveg\u00e0l. \u201cHo preso questa abitudine e la voglio mantenere [&hellip;]","thumbnail_url":"http:\/\/www.bellunopress.it\/wp-content\/uploads\/2012\/07\/logo-bellunopress-250x250-2012.jpg"}